{"id":3654,"date":"2020-01-23T16:30:01","date_gmt":"2020-01-23T16:30:01","guid":{"rendered":"https:\/\/iips.usac.edu.gt\/?page_id=3654"},"modified":"2024-03-08T06:19:41","modified_gmt":"2024-03-08T06:19:41","slug":"2020-2","status":"publish","type":"page","link":"https:\/\/iips.usac.edu.gt\/?page_id=3654","title":{"rendered":"2020"},"content":{"rendered":"\n<p class=\"has-medium-font-size\"><strong>Primer semestre<\/strong><\/p>\n\n\n\n<ul class=\"wp-block-list\">\n<li style=\"font-size:15px\"><a href=\"https:\/\/iips.usac.edu.gt\/?p=3638\" data-type=\"post\" data-id=\"3638\">IIPS Opina No. 01-2020: \u00abJimmy se va: los da\u00f1os se quedan\u00bb<\/a> &#8211; Andrea Hern\u00e1ndez<\/li>\n\n\n\n<li style=\"font-size:15px\"><a href=\"https:\/\/iips.usac.edu.gt\/?p=3647\" data-type=\"post\" data-id=\"3647\">IIPS Opina No. 02-2020: \u00c9tica, moral, objetividad e investigaci\u00f3n (I)<\/a> &#8211; MSc. Manuel Rivera<\/li>\n\n\n\n<li style=\"font-size:15px\"><a href=\"https:\/\/iips.usac.edu.gt\/?p=3670\" data-type=\"post\" data-id=\"3670\">IIPS Opina No. 03-2020: Caravana de migrantes en tiempos de terceros pa\u00edses \u00abinseguros\u00bb<\/a> &#8211; Francisco Sim\u00f3n Francisco<\/li>\n\n\n\n<li style=\"font-size:15px\"><a href=\"https:\/\/iips.usac.edu.gt\/?p=3692\" data-type=\"post\" data-id=\"3692\">IIPS Opina No. 04-2020: La deuda p\u00fablica sin matiz social<\/a> &#8211; Licda. Rosaura Raguex<\/li>\n\n\n\n<li style=\"font-size:15px\"><a href=\"https:\/\/iips.usac.edu.gt\/?p=3736\" data-type=\"post\" data-id=\"3736\">IIPS Opina No. 05-2020: La ciudad y la pol\u00edtica: la colonia y el municipio en el imperio romano<\/a> &#8211; MSc. Jorge Arag\u00f3n<\/li>\n\n\n\n<li style=\"font-size:15px\"><a href=\"https:\/\/iips.usac.edu.gt\/?p=3748\" data-type=\"post\" data-id=\"3748\">IIPS Opina No. 06-2020: Decreto 03-220, ley que reconoce la Lengua de Se\u00f1as de Guatemala.<\/a> &#8211; M.A. Gabriel Escobar Morales<\/li>\n\n\n\n<li style=\"font-size:15px\"><a href=\"https:\/\/iips.usac.edu.gt\/?p=3766\" data-type=\"post\" data-id=\"3766\">IIPS Opina No. 07-2020: Las migraciones clim\u00e1ticas en la era del Antropoceno.<\/a> &#8211; Licda. Karen Ar\u00e9valo<\/li>\n\n\n\n<li style=\"font-size:15px\"><a href=\"https:\/\/iips.usac.edu.gt\/?p=3788\" data-type=\"post\" data-id=\"3788\">IIPS Opina No. 08-2020: Dice que as\u00ed ya bien explicado \u201csiempre s\u00ed\u201d<\/a> &#8211; Lic. Jos\u00e9 Cortez<\/li>\n\n\n\n<li style=\"font-size:15px\"><a href=\"https:\/\/iips.usac.edu.gt\/?p=3799\" data-type=\"post\" data-id=\"3799\">IIPS Opina No. 09-2020: \u00bfDebe ser la conciencia social una moda?<\/a> &#8211; Licda. Irene Chac\u00f3n Z\u00fa\u00f1iga<\/li>\n\n\n\n<li style=\"font-size:15px\"><a href=\"https:\/\/iips.usac.edu.gt\/?p=3817\" data-type=\"post\" data-id=\"3817\">IIPS Opina No. 10-2020: Cuando la f\u00e1brica mundial para\u2026<\/a>&#8211; Cenia Marroqu\u00edn<\/li>\n\n\n\n<li style=\"font-size:15px\"><a href=\"https:\/\/iips.usac.edu.gt\/?p=3877\" data-type=\"post\" data-id=\"3877\">IIPS Opina No. 11-2020: El femicidio en Guatemala<\/a> &#8211; Andrea Hern\u00e1ndez<\/li>\n\n\n\n<li style=\"font-size:15px\"><a href=\"https:\/\/iips.usac.edu.gt\/?p=3891\" data-type=\"post\" data-id=\"3891\">IIPS Opina No. 12-2020: \u00bfMuros para la prosperidad?<\/a> &#8211; Francisco Sim\u00f3n Francisco<\/li>\n\n\n\n<li style=\"font-size:15px\"><a href=\"https:\/\/iips.usac.edu.gt\/?p=3932\" data-type=\"post\" data-id=\"3932\">IIPS Opina No. 13-2020: \u00c9tica, moral, objetividad e investigaci\u00f3n (II)<\/a> &#8211; MSc. Manuel Rivera<\/li>\n\n\n\n<li style=\"font-size:15px\"><a href=\"https:\/\/iips.usac.edu.gt\/?p=3946\" data-type=\"post\" data-id=\"3946\">IIPS Opina No. 14-2020: 21 de febrero, D\u00eda de la Dignidad de las V\u00edctimas del Conflicto Armado Interno; 8 de marzo, D\u00eda internacional de la mujer; 21 de marzo, D\u00eda internacional contra el racismo\u2026 (I)<\/a> &#8211; Licda. Rosaura Raguex<\/li>\n\n\n\n<li style=\"font-size:15px\"><a href=\"https:\/\/iips.usac.edu.gt\/?p=3967\" data-type=\"post\" data-id=\"3967\">IIPS Opina No. 15-2020: La ciudad y la pol\u00edtica: urbanismo prehisp\u00e1nico (I)<\/a> &#8211; MSc. Jorge Arag\u00f3n<\/li>\n\n\n\n<li style=\"font-size:15px\"><a href=\"https:\/\/iips.usac.edu.gt\/?p=3985\" data-type=\"post\" data-id=\"3985\">IIPS Opina No. 16-2020: 8 de marzo, D\u00eda Internacional de las mujeres\u2026 (II)<\/a> &#8211; Licda. Rosaura Raguex<\/li>\n\n\n\n<li style=\"font-size:15px\"><a href=\"https:\/\/iips.usac.edu.gt\/?p=3994\" data-type=\"post\" data-id=\"3994\">IIPS Opina No. 17-2020: La ciudad y la pol\u00edtica: urbanismo prehisp\u00e1nico (II)<\/a> &#8211; MSc. Jorge Arag\u00f3n<\/li>\n\n\n\n<li style=\"font-size:15px\"><a href=\"https:\/\/iips.usac.edu.gt\/?p=4002\" data-type=\"post\" data-id=\"4002\">IIPS Opina No. 18-2020: El coronavirus y las personas con discapacidad<\/a> &#8211; M.A. Gabriel Escobar Morales<\/li>\n\n\n\n<li style=\"font-size:15px\"><a href=\"https:\/\/iips.usac.edu.gt\/?p=6095\" data-type=\"page\" data-id=\"4015\">IIPS Opina No. 19-2020: Comunidad internacional \u00bfCu\u00e1l?<\/a> &#8211; Lic. Jos\u00e9 Cortez<\/li>\n\n\n\n<li style=\"font-size:15px\"><a href=\"https:\/\/iips.usac.edu.gt\/?p=4018\" data-type=\"post\" data-id=\"4018\">IIPS Opina No. 20-2020: A prop\u00f3sito del Coronavirus\u2026 Los estragos en la econom\u00eda informal guatemalteca<\/a> &#8211; Licda. Karen Ar\u00e9valo<\/li>\n\n\n\n<li style=\"font-size:15px\"><a href=\"https:\/\/iips.usac.edu.gt\/?p=4027\" data-type=\"post\" data-id=\"4027\">IIPS Opina No. 21-2020: El COVID-19 \u00bfuna radiograf\u00eda de los males del Estado?<\/a> &#8211; Cenia Marroqu\u00edn<\/li>\n\n\n\n<li style=\"font-size:15px\"><a href=\"https:\/\/iips.usac.edu.gt\/?p=4046\" data-type=\"post\" data-id=\"4046\">IIPS Opina No. 22-2020: Estratificaci\u00f3n Social y Coronavirus en Guatemala<\/a> &#8211; MSc. Mike Rivera<\/li>\n\n\n\n<li style=\"font-size:15px\"><a href=\"https:\/\/iips.usac.edu.gt\/?p=4065\" data-type=\"post\" data-id=\"4065\">IIPS Opina No. 23-2020: Quedarse en casa en Guatemala siendo mujer,  \u00bfpuede ser m\u00e1s peligroso que salir y contagiarse?<\/a> &#8211; Ana S\u00e1enz de Tejada<\/li>\n\n\n\n<li style=\"font-size:15px\"><a href=\"https:\/\/iips.usac.edu.gt\/?p=4090\" data-type=\"post\" data-id=\"4090\">IIPS Opina No. 24-2020: Sobre el tiempo como categor\u00eda sociol\u00f3gica<\/a> &#8211; Alma Sagastume<\/li>\n\n\n\n<li style=\"font-size:15px\"><a href=\"https:\/\/iips.usac.edu.gt\/?p=4128\" data-type=\"post\" data-id=\"4128\">IIPS Opina No. 25-2020: Gobiernos m\u00e1s eficientes que otros para gestionar la pandemia<\/a> &#8211; Andrea Hern\u00e1ndez<\/li>\n\n\n\n<li style=\"font-size:15px\"><a href=\"https:\/\/iips.usac.edu.gt\/?p=4197\" data-type=\"post\" data-id=\"4197\">IIPS Opina No. 26-2020: La ciudad y la pol\u00edtica: Guatemala y las urbes de la periferia latinoamericana ante el SARS-CoV2<\/a> &#8211; MSc. Jorge Arag\u00f3n<\/li>\n\n\n\n<li style=\"font-size:15px\"><a href=\"https:\/\/iips.usac.edu.gt\/?p=4362\" data-type=\"post\" data-id=\"4362\">IIPS Opina No. 27-2020: El valor de la ciencia en tiempos de pandemia (I)<\/a> &#8211; MSc. Manuel Rivera<\/li>\n\n\n\n<li style=\"font-size:15px\"><a href=\"https:\/\/iips.usac.edu.gt\/?p=4384\" data-type=\"post\" data-id=\"4384\">IIPS Opina No. 28-2020: Plataformas virtuales y discapacidad<\/a> &#8211; M.A. Gabriel Escobar Morales<\/li>\n\n\n\n<li style=\"font-size:15px\"><a href=\"https:\/\/iips.usac.edu.gt\/?p=4425\" data-type=\"post\" data-id=\"4425\">IIPS Opina No. 29-2020: Programas Sociales: criterios sociales y constantes exclusiones hacia la poblaci\u00f3n hist\u00f3ricamente marginada (I)<\/a> &#8211; Licda. Rosaura Raguex<\/li>\n\n\n\n<li style=\"font-size:15px\"><a href=\"https:\/\/iips.usac.edu.gt\/?p=4435\" data-type=\"post\" data-id=\"4435\">IIPS Opina No. 30-2020: Petr\u00f3leo y pol\u00edtica en tiempos de pandemia (I)<\/a> &#8211; Licda. Karen Ar\u00e9valo<\/li>\n\n\n\n<li style=\"font-size:15px\"><a href=\"https:\/\/iips.usac.edu.gt\/?p=4453\" data-type=\"post\" data-id=\"4453\">IIPS Opina No. 31-2020: \u201cGuatemala: Nunca m\u00e1s\u201d (II)<\/a> &#8211; Licda. Rosaura Raguex<\/li>\n\n\n\n<li style=\"font-size:15px\"><a href=\"https:\/\/iips.usac.edu.gt\/?p=4461\" data-type=\"post\" data-id=\"4461\">IIPS Opina No. 32-2020: Geopol\u00edtica, pol\u00edtica y pandemia<\/a> &#8211; Lic. Jos\u00e9 Cortez<\/li>\n\n\n\n<li style=\"font-size:15px\"><a href=\"https:\/\/iips.usac.edu.gt\/?p=4513\" data-type=\"post\" data-id=\"4513\">IIPS Opina No. 33-2020: Petr\u00f3leo y pol\u00edtica en tiempos de pandemia (II)<\/a> &#8211; Licda. Karen Ar\u00e9valo<\/li>\n\n\n\n<li style=\"font-size:15px\"><a href=\"https:\/\/iips.usac.edu.gt\/?p=4523\" data-type=\"post\" data-id=\"4523\">IIPS Opina No. 34-2020: La t\u00f3nica habitual\u2026<\/a> &#8211; Cenia Marroqu\u00edn<\/li>\n\n\n\n<li style=\"font-size:15px\"><a href=\"https:\/\/iips.usac.edu.gt\/?p=4564\" data-type=\"post\" data-id=\"4564\">IIPS Opina No. 35-2020: \u00abY despu\u00e9s de 100 a\u00f1os de organizaci\u00f3n estudiantil, \u00bfqu\u00e9 sigue?\u00bb<\/a> &#8211; Ana S\u00e1enz de Tejada<\/li>\n\n\n\n<li style=\"font-size:15px\"><a href=\"https:\/\/iips.usac.edu.gt\/?p=4566\" data-type=\"post\" data-id=\"4566\">IIPS Opina No. 36-2020: \u00abR\u00e9gimen de teletrabajo y legislaci\u00f3n laboral\u00bb<\/a> &#8211; Alma Sagastume<\/li>\n\n\n\n<li style=\"font-size:15px\"><a href=\"https:\/\/iips.usac.edu.gt\/?p=4362\" data-type=\"post\" data-id=\"4362\">IIPS Opina No. 27-2020: El valor de la ciencia en tiempos de pandemia (I)<\/a> &#8211; MSc. Manuel Rivera<\/li>\n\n\n\n<li style=\"font-size:15px\"><a href=\"https:\/\/iips.usac.edu.gt\/?p=4577\" data-type=\"post\" data-id=\"4577\">IIPS Opina No. 38-2020: Las implicaciones del coronavirus en las poblaciones migrantes<\/a> &#8211; Francisco Sim\u00f3n Francisco<\/li>\n\n\n\n<li style=\"font-size:15px\"><a href=\"https:\/\/iips.usac.edu.gt\/?p=4646\" data-type=\"post\" data-id=\"4646\">IIPS Opina No. 39-2020: La conmoci\u00f3n social en Guatemala es moment\u00e1nea, las pr\u00e1cticas racistas siguen y perduran<\/a> &#8211; Licda. Rosaura Raguex<\/li>\n\n\n\n<li style=\"font-size:15px\"><a href=\"https:\/\/iips.usac.edu.gt\/?p=4669\" data-type=\"post\" data-id=\"4669\">IIPS Opina No. 40-2020: Idiotismo como pol\u00edtica<\/a> &#8211; MSc. Jorge Arag\u00f3n<\/li>\n<\/ul>\n\n\n\n<p><strong>Segundo semestre<\/strong><\/p>\n\n\n\n<ul class=\"wp-block-list\">\n<li style=\"font-size:15px\"><a href=\"https:\/\/iips.usac.edu.gt\/?p=6099\" data-type=\"page\" data-id=\"4727\">IIPS Opina No. 01-2020 Segundo Semestre: \u201cPrivilegios y desdichas en cuarentena\u201d<\/a> &#8211; Andrea Hern\u00e1ndez<\/li>\n\n\n\n<li style=\"font-size:15px\"><a href=\"https:\/\/iips.usac.edu.gt\/?page_id=4750\" data-type=\"page\" data-id=\"4750\">IIPS Opina No. 02-2020: Pandemia: liderazgo versus pol\u00edtica (I)<\/a> &#8211; MSc. Manuel Rivera<\/li>\n\n\n\n<li style=\"font-size:15px\"><a href=\"https:\/\/iips.usac.edu.gt\/?page_id=4781\" data-type=\"page\" data-id=\"4781\">IIPS Opina No. 03-2020: \u00abUrge la Educaci\u00f3n Sexual Integral \u2013ESI- en Guatemala\u00bb<\/a> &#8211; Licda. Rosaura Raguex<\/li>\n\n\n\n<li style=\"font-size:15px\"><a href=\"https:\/\/iips.usac.edu.gt\/?p=4793\" data-type=\"post\" data-id=\"4793\">IIPS Opina No. 04-2020: \u00ab\u00c9tica, buen vivir y coronavirus\u00bb<\/a> &#8211; MSc. Jorge Arag\u00f3n<\/li>\n\n\n\n<li style=\"font-size:15px\"><a href=\"https:\/\/iips.usac.edu.gt\/?page_id=4849\" data-type=\"page\" data-id=\"4849\">IIPS Opina No. 05-2020: \u00abCultura y deportes para personas con discapacidad durante la pandemia\u00bb<\/a> &#8211; M.A. Gabriel Escober Morales<\/li>\n\n\n\n<li style=\"font-size:15px\"><a href=\"https:\/\/iips.usac.edu.gt\/?page_id=4887\" data-type=\"page\" data-id=\"4887\">IIPS Opina No. 06-2020: La Reserva de la Bi\u00f3sfera Maya: un proyecto \u00bfsostenible para \u201cbeneficiar a la comunidad\u201d?<\/a> &#8211; Licda. Karen Ar\u00e9valo<\/li>\n\n\n\n<li style=\"font-size:15px\"><a href=\"https:\/\/iips.usac.edu.gt\/?page_id=4914\" data-type=\"page\" data-id=\"4914\">IIPS Opina No. 07-2020: \u00bb El sistema internacional post pandemia\u2026 \u00bfCu\u00e1l sistema?\u00bb<\/a> &#8211; Lic. Jos\u00e9 Cortez<\/li>\n\n\n\n<li style=\"font-size:15px\"><a href=\"https:\/\/iips.usac.edu.gt\/?page_id=4943\" data-type=\"page\" data-id=\"4943\">IIPS Opina No. 08-2020: \u00ab\u00bfNormalidad? \u00ab<\/a> &#8211; Cenia Marroqu\u00edn<\/li>\n\n\n\n<li style=\"font-size:15px\"><a href=\"https:\/\/iips.usac.edu.gt\/?page_id=4984\" data-type=\"page\" data-id=\"4984\">IIPS Opina No. 09-2020: \u201cEnfrentando la pandemia. \u00bfC\u00f3mo fallaron Guatemala y otros pa\u00edses?\u201d<\/a> &#8211; Ana S\u00e1enz de Tejada<\/li>\n\n\n\n<li style=\"font-size:15px\"><a href=\"https:\/\/iips.usac.edu.gt\/?page_id=5011\" data-type=\"page\" data-id=\"5011\">IIPS Opina No. 10-2020: \u201cTramas cotidianas, religiosas y dom\u00e9sticas: denuncias de violencia contra mujeres, ni\u00f1ez y adolescencia\u201d<\/a> &#8211; Alma Sagastume<\/li>\n\n\n\n<li style=\"font-size:15px\"><a href=\"https:\/\/iips.usac.edu.gt\/?page_id=5037\" data-type=\"page\" data-id=\"5037\">IIPS Opina No. 11-2020: \u00abLa Integraci\u00f3n Econ\u00f3mica Centroamericana \u00bfC\u00f3mo se encuentra Guatemala en esa din\u00e1mica?\u00bb<\/a> &#8211; Lic. Fabricio Trinidad Herrera<\/li>\n\n\n\n<li style=\"font-size:15px\"><a href=\"https:\/\/iips.usac.edu.gt\/?page_id=5045\" data-type=\"page\" data-id=\"5045\">IIPS Opina No. 12-2020: \u00abAlways online: la hiperconectividad como nuevo r\u00e9gimen\u00bb<\/a> &#8211; Andrea Hern\u00e1ndez<\/li>\n\n\n\n<li style=\"font-size:15px\"><a href=\"https:\/\/iips.usac.edu.gt\/?page_id=5070\" data-type=\"page\" data-id=\"5070\">IIPS Opina No. 13-2020: \u00abDin\u00e1micas fronterizas y migratorias en el norte de Huehuetenango: implicaciones del COVID-19\u00bb<\/a> &#8211; Francisco Sim\u00f3n Francisco<\/li>\n\n\n\n<li style=\"font-size:15px\"><a href=\"https:\/\/iips.usac.edu.gt\/?page_id=5081\" data-type=\"page\" data-id=\"5081\">IIPS Opina No. 14-2020: \u00abPandemia: liderazgo versus pol\u00edtica (II)\u00bb<\/a> &#8211; MSc. Manuel Rivera<\/li>\n\n\n\n<li style=\"font-size:15px\"><a href=\"https:\/\/iips.usac.edu.gt\/?page_id=5121\" data-type=\"page\" data-id=\"5121\">IIPS Opina No. 15-2020:&nbsp;\u201cLa ciudad y la pol\u00edtica: los ODS en la agenda de ordenamiento territorial\u201d<\/a> &#8211; MSc. Jorge Arag\u00f3n<\/li>\n\n\n\n<li style=\"font-size:15px\"><a href=\"https:\/\/iips.usac.edu.gt\/?page_id=5167\" data-type=\"page\" data-id=\"5167\">IIPS Opina No. 16-2020: \u201c5 de septiembre: D\u00eda internacional de las mujeres ind\u00edgenas\u201d<\/a> &#8211; Licda. Rosaura Raguex<\/li>\n\n\n\n<li style=\"font-size:15px\"><a href=\"https:\/\/iips.usac.edu.gt\/?page_id=5175\" data-type=\"page\" data-id=\"5175\">IIPS Opina No. 17-2020: \u00abLas Brigadas M\u00e9dicas Cubanas: un ejemplo de cooperaci\u00f3n horizontal\u00bb<\/a> &#8211; Licda. Karen Ar\u00e9valo<\/li>\n<\/ul>\n","protected":false},"excerpt":{"rendered":"<p>Primer semestre Segundo semestre<\/p>\n","protected":false},"author":2,"featured_media":0,"parent":0,"menu_order":0,"comment_status":"closed","ping_status":"closed","template":"","meta":{"footnotes":""},"class_list":["post-3654","page","type-page","status-publish","czr-hentry"],"_links":{"self":[{"href":"https:\/\/iips.usac.edu.gt\/index.php?rest_route=\/wp\/v2\/pages\/3654"}],"collection":[{"href":"https:\/\/iips.usac.edu.gt\/index.php?rest_route=\/wp\/v2\/pages"}],"about":[{"href":"https:\/\/iips.usac.edu.gt\/index.php?rest_route=\/wp\/v2\/types\/page"}],"author":[{"embeddable":true,"href":"https:\/\/iips.usac.edu.gt\/index.php?rest_route=\/wp\/v2\/users\/2"}],"replies":[{"embeddable":true,"href":"https:\/\/iips.usac.edu.gt\/index.php?rest_route=%2Fwp%2Fv2%2Fcomments&post=3654"}],"version-history":[{"count":4,"href":"https:\/\/iips.usac.edu.gt\/index.php?rest_route=\/wp\/v2\/pages\/3654\/revisions"}],"predecessor-version":[{"id":6102,"href":"https:\/\/iips.usac.edu.gt\/index.php?rest_route=\/wp\/v2\/pages\/3654\/revisions\/6102"}],"wp:attachment":[{"href":"https:\/\/iips.usac.edu.gt\/index.php?rest_route=%2Fwp%2Fv2%2Fmedia&parent=3654"}],"curies":[{"name":"wp","href":"https:\/\/api.w.org\/{rel}","templated":true}]}}